
{"id":1106,"date":"2016-04-17T10:22:26","date_gmt":"2016-04-17T10:22:26","guid":{"rendered":"http:\/\/www.willapi.biz\/?page_id=1106"},"modified":"2020-12-21T19:25:33","modified_gmt":"2020-12-21T19:25:33","slug":"sanitaire1","status":"publish","type":"page","link":"https:\/\/www.willapi.biz\/?page_id=1106","title":{"rendered":"Sanitaire"},"content":{"rendered":"<p><span style=\"text-decoration:underline\"><\/span><\/p>\n<p><a title=\"\" href=\"https:\/\/www.willapi.biz\/wp-content\/uploads\/download\/joe_20130813_0112.pdf\" target=\"blank\" rel=\"noopener noreferrer\">Classement des maladies arr\u00eat\u00e9 du 29  juillet 2013<\/a><\/p>\n<div class=\"pad20\">\n<ul id=\"imglist\">\n<li><span>1\u00e8re cat\u00e9gorie : ex MRC : mesures de polices sanitaires \u00e0 la charge de l\u2019Etat<\/span><\/li>\n<li><span>2\u00e8me cat\u00e9gorie : maladies devant \u00eatre g\u00e9r\u00e9es par la fili\u00e8re<\/span><\/li>\n<li><span>3\u00e8me cat\u00e9gorie : sous la seule responsabilit\u00e9 de l\u2019apiculteur<\/span><\/li>\n<\/ul>\n<\/div>\n<p><a title=\"\" href=\"https:\/\/www.willapi.biz\/wp-content\/uploads\/download\/Memento_de_lapiculteur_V1.1_janvier_2013.pdf\" target=\"blank\" rel=\"noopener noreferrer\">Memento apiculteur France-Alsace 2013<\/a><\/p>\n<p><!--\n\n<div class=\"ribbon\"><a href=\"http:\/\/www.willapi.biz\/?page_id=1110\" target=\"blank\" rel=\"noopener noreferrer\"><span>&nbsp;&nbsp;Parasites<\/span><\/a><a href=\"https:\/\/www.willapi.biz\/?p=812\" target=\"blank\" rel=\"noopener noreferrer\"><span>&nbsp;&nbsp;Maladies<\/span><\/a><\/div>\n\n--><\/p>\n<div align=\"middle\">\n<div style=\"display:inline-block\"><a class=\"bouton_a\" href=\"https:\/\/www.willapi.biz\/?page_id=1110\" target=\"_blank\" rel=\"nofollow noopener noreferrer\">Parasites<\/a><\/div>\n<div style=\"display:inline-block\"><a class=\"bouton_a\" href=\"https:\/\/www.willapi.biz\/?p=812\" target=\"_blank\" rel=\"nofollow noopener noreferrer\">Maladies<\/a><\/div>\n<\/div>\n<div>\n<span class=\"monBR\"><\/p>\n<p><\/span>\n<\/div>\n<div align=\"middle\">\n<div class=\"image3\">\n<img decoding=\"async\" src=\"https:\/\/www.willapi.biz\/wp-content\/uploads\/pagesanitaire\/abeilleailesatrophiees.jpg\" alt=\"\" width=\"65%\" height=\"65%\">\n<\/div>\n<\/div>\n","protected":false},"excerpt":{"rendered":"<p>Classement des maladies arr\u00eat\u00e9 du 29 juillet 2013 1\u00e8re cat\u00e9gorie : ex MRC : mesures de polices sanitaires \u00e0 la charge de l\u2019Etat 2\u00e8me cat\u00e9gorie : maladies devant \u00eatre g\u00e9r\u00e9es par la<\/p>\n<a class=\"moretag noptoppad\" href=\"https:\/\/www.willapi.biz\/?page_id=1106\">Read More...<\/a>","protected":false},"author":1,"featured_media":0,"parent":0,"menu_order":0,"comment_status":"closed","ping_status":"closed","template":"","meta":{"footnotes":""},"class_list":["post-1106","page","type-page","status-publish","hentry"],"_links":{"self":[{"href":"https:\/\/www.willapi.biz\/index.php?rest_route=\/wp\/v2\/pages\/1106","targetHints":{"allow":["GET"]}}],"collection":[{"href":"https:\/\/www.willapi.biz\/index.php?rest_route=\/wp\/v2\/pages"}],"about":[{"href":"https:\/\/www.willapi.biz\/index.php?rest_route=\/wp\/v2\/types\/page"}],"author":[{"embeddable":true,"href":"https:\/\/www.willapi.biz\/index.php?rest_route=\/wp\/v2\/users\/1"}],"replies":[{"embeddable":true,"href":"https:\/\/www.willapi.biz\/index.php?rest_route=%2Fwp%2Fv2%2Fcomments&post=1106"}],"version-history":[{"count":13,"href":"https:\/\/www.willapi.biz\/index.php?rest_route=\/wp\/v2\/pages\/1106\/revisions"}],"predecessor-version":[{"id":3505,"href":"https:\/\/www.willapi.biz\/index.php?rest_route=\/wp\/v2\/pages\/1106\/revisions\/3505"}],"wp:attachment":[{"href":"https:\/\/www.willapi.biz\/index.php?rest_route=%2Fwp%2Fv2%2Fmedia&parent=1106"}],"curies":[{"name":"wp","href":"https:\/\/api.w.org\/{rel}","templated":true}]}}